{"id":217,"date":"2019-10-19T16:46:49","date_gmt":"2019-10-19T14:46:49","guid":{"rendered":"http:\/\/serreponconvollibre.unblog.fr\/?page_id=217"},"modified":"2025-01-22T23:38:14","modified_gmt":"2025-01-22T22:38:14","slug":"13-la-fourche-serriere-de-la-fourche-sur-les-cartes-ign","status":"publish","type":"page","link":"https:\/\/spvl.fr\/index.php\/13-la-fourche-serriere-de-la-fourche-sur-les-cartes-ign\/","title":{"rendered":"La Fourche"},"content":{"rendered":"<h1 style=\"text-align: center;\">La Fourche<\/h1>\n<p>Serri\u00e8re de la Fourche sur les cartes IGN<\/p>\n<p>d\u00e9co SW, \u00e0 utiliser en milieu de journ\u00e9e, les brises vont s\u2019orienter du SE \u00e0 l\u2019W pendant la journ\u00e9e.<\/p>\n<p>D\u00e9co sauvage, altitude 2300<\/p>\n<p><a href=\"https:\/\/www.google.com\/maps\/place\/44%C2%B034'56.1%22N+6%C2%B019'06.5%22E\/@44.5822388,6.3158821,628m\/data=!3m2!1e3!4b1!4m4!3m3!8m2!3d44.582235!4d6.318457?entry=ttu&amp;g_ep=EgoyMDI1MDEyMC4wIKXMDSoASAFQAw%3D%3D\">GPS\u00a0:44.582235 &#8211; 6.318457<\/a><\/p>\n<p>acc\u00e8s \u00e0 pied depuis la barri\u00e8re du jardin des gardes (parking), le col de la gardette et les Ma\u00efts.<\/p>\n<p>D\u00e9co pentu, avec des marches et\u00a0 des herbes hautes.<\/p>\n","protected":false},"excerpt":{"rendered":"<p>La Fourche Serri\u00e8re de la Fourche sur les cartes IGN d\u00e9co SW, \u00e0 utiliser en milieu de journ\u00e9e, les brises vont s\u2019orienter du SE \u00e0 l\u2019W pendant la journ\u00e9e. D\u00e9co sauvage, altitude 2300 GPS\u00a0:44.582235 &#8211; 6.318457 acc\u00e8s \u00e0 pied depuis la barri\u00e8re du jardin des gardes (parking), le col de la gardette et les Ma\u00efts. [&hellip;]<\/p>\n","protected":false},"author":1,"featured_media":0,"parent":0,"menu_order":13,"comment_status":"closed","ping_status":"closed","template":"","meta":{"footnotes":""},"class_list":["post-217","page","type-page","status-publish","hentry"],"_links":{"self":[{"href":"https:\/\/spvl.fr\/index.php\/wp-json\/wp\/v2\/pages\/217","targetHints":{"allow":["GET"]}}],"collection":[{"href":"https:\/\/spvl.fr\/index.php\/wp-json\/wp\/v2\/pages"}],"about":[{"href":"https:\/\/spvl.fr\/index.php\/wp-json\/wp\/v2\/types\/page"}],"author":[{"embeddable":true,"href":"https:\/\/spvl.fr\/index.php\/wp-json\/wp\/v2\/users\/1"}],"replies":[{"embeddable":true,"href":"https:\/\/spvl.fr\/index.php\/wp-json\/wp\/v2\/comments?post=217"}],"version-history":[{"count":2,"href":"https:\/\/spvl.fr\/index.php\/wp-json\/wp\/v2\/pages\/217\/revisions"}],"predecessor-version":[{"id":316,"href":"https:\/\/spvl.fr\/index.php\/wp-json\/wp\/v2\/pages\/217\/revisions\/316"}],"wp:attachment":[{"href":"https:\/\/spvl.fr\/index.php\/wp-json\/wp\/v2\/media?parent=217"}],"curies":[{"name":"wp","href":"https:\/\/api.w.org\/{rel}","templated":true}]}}